{"id":4787,"date":"2021-11-15T18:47:05","date_gmt":"2021-11-15T18:47:05","guid":{"rendered":"https:\/\/www.protectoraelrefugio.es\/?page_id=4787"},"modified":"2021-11-15T18:53:38","modified_gmt":"2021-11-15T18:53:38","slug":"adoptados","status":"publish","type":"page","link":"https:\/\/www.protectoraelrefugio.es\/index.php\/adoptados\/","title":{"rendered":"Adoptados"},"content":{"rendered":"\n<h1 class=\"gb-headline gb-headline-a76dda99 gb-headline-text gb-headline-f55e21fc\">cosas de casa<\/h1>\n\n\n\n<h2 class=\"gb-headline gb-headline-52dbe47e gb-headline-f55e21fc\"><span class=\"gb-icon\"><svg xmlns=\"http:\/\/www.w3.org\/2000\/svg\" viewBox=\"0 0 23.896 21.232\"><path d=\"M11.948 21.232c-.398 0-.779-.158-1.061-.439l-8.84-8.84a7.01 7.01 0 010-9.902c2.729-2.729 7.17-2.729 9.9-.001l.025-.024A6.956 6.956 0 0116.898 0h.001c1.87 0 3.628.729 4.949 2.051l.002.002a7.008 7.008 0 01-.002 9.9l-8.84 8.84a1.499 1.499 0 01-1.06.439zm-4.95-18.23a3.99 3.99 0 00-2.829 1.17 4.006 4.006 0 000 5.659l7.779 7.78 7.779-7.78A3.978 3.978 0 0020.9 7.002a3.978 3.978 0 00-1.171-2.829l-.002-.002A3.98 3.98 0 0016.899 3h-.001a3.976 3.976 0 00-2.828 1.171l-.014.013-1.048 1.048c-.562.562-1.559.562-2.121 0l-1.06-1.06a3.992 3.992 0 00-2.829-1.17z\"><\/path><\/svg><\/span><span class=\"gb-headline-text\"><strong>conoces sus historias<\/strong><\/span><\/h2>\n\n\n<style>.wp-show-posts-columns#wpsp-4790 {margin-left: -2em; }.wp-show-posts-columns#wpsp-4790 .wp-show-posts-inner {margin: 0 0 2em 2em; }<\/style><section id=\"wpsp-4790\" class=\" wp-show-posts-columns wp-show-posts\" style=\"\"><article class=\" wp-show-posts-single post-4858 post type-post status-publish format-standard has-post-thumbnail hentry category-adoptados wpsp-col-4\" itemtype=\"http:\/\/schema.org\/CreativeWork\" itemscope><div class=\"wp-show-posts-inner\" style=\"\">\t\t\t\t\t\t<header class=\"wp-show-posts-entry-header\">\n\t\t\t\t\t\t\t<h2 class=\"wp-show-posts-entry-title\" itemprop=\"headline\"><a href=\"https:\/\/www.protectoraelrefugio.es\/index.php\/2024\/09\/13\/aslan\/\" rel=\"bookmark\">Aslan<\/a><\/h2>\t\t\t\t\t\t<\/header><!-- .entry-header -->\n\t\t\t\t\t\t\t<div class=\"wp-show-posts-image  wpsp-image-center \">\n\t\t\t<a href=\"https:\/\/www.protectoraelrefugio.es\/index.php\/2024\/09\/13\/aslan\/\"  title=\"Aslan\"><img loading=\"lazy\" decoding=\"async\" width=\"700\" height=\"700\" src=\"https:\/\/www.protectoraelrefugio.es\/wp-content\/uploads\/2024\/09\/Aslan.jpg\" class=\"attachment-full size-full wp-post-image\" alt=\"\" itemprop=\"image\" srcset=\"https:\/\/www.protectoraelrefugio.es\/wp-content\/uploads\/2024\/09\/Aslan.jpg 700w, https:\/\/www.protectoraelrefugio.es\/wp-content\/uploads\/2024\/09\/Aslan-300x300.jpg 300w, https:\/\/www.protectoraelrefugio.es\/wp-content\/uploads\/2024\/09\/Aslan-150x150.jpg 150w\" sizes=\"auto, (max-width: 700px) 100vw, 700px\" \/><\/a>\t\t<\/div>\n\t\t\t\t\t\t\t\t<div class=\"wp-show-posts-entry-summary\" itemprop=\"text\">\n\t\t\t\t\t\t\t<p>Cuando decidimos acoger a Aslan en pleno inicio de la pand\u00e9mia, peque\u00f1o, con dos meses, simp\u00e1tico y juguet\u00f3n, nunca imaginamos&#8230;<\/p>\n\t\t\t\t\t\t<\/div><!-- .entry-summary -->\n\t\t\t\t\t<div class=\"wpsp-read-more\"><a title=\"Aslan\" class=\"sp-button\" href=\"https:\/\/www.protectoraelrefugio.es\/index.php\/2024\/09\/13\/aslan\/\">Su historia...<\/a><\/div><\/div><!-- wp-show-posts-inner --><\/article><article class=\" wp-show-posts-single post-3862 post type-post status-publish format-standard has-post-thumbnail hentry category-adoptados wpsp-col-4\" itemtype=\"http:\/\/schema.org\/CreativeWork\" itemscope><div class=\"wp-show-posts-inner\" style=\"\">\t\t\t\t\t\t<header class=\"wp-show-posts-entry-header\">\n\t\t\t\t\t\t\t<h2 class=\"wp-show-posts-entry-title\" itemprop=\"headline\"><a href=\"https:\/\/www.protectoraelrefugio.es\/index.php\/2020\/12\/09\/greta\/\" rel=\"bookmark\">Greta<\/a><\/h2>\t\t\t\t\t\t<\/header><!-- .entry-header -->\n\t\t\t\t\t\t\t<div class=\"wp-show-posts-image  wpsp-image-center \">\n\t\t\t<a href=\"https:\/\/www.protectoraelrefugio.es\/index.php\/2020\/12\/09\/greta\/\"  title=\"Greta\"><img loading=\"lazy\" decoding=\"async\" width=\"700\" height=\"700\" src=\"https:\/\/www.protectoraelrefugio.es\/wp-content\/uploads\/2021\/11\/Greta.jpg\" class=\"attachment-full size-full wp-post-image\" alt=\"\" itemprop=\"image\" srcset=\"https:\/\/www.protectoraelrefugio.es\/wp-content\/uploads\/2021\/11\/Greta.jpg 700w, https:\/\/www.protectoraelrefugio.es\/wp-content\/uploads\/2021\/11\/Greta-300x300.jpg 300w, https:\/\/www.protectoraelrefugio.es\/wp-content\/uploads\/2021\/11\/Greta-150x150.jpg 150w\" sizes=\"auto, (max-width: 700px) 100vw, 700px\" \/><\/a>\t\t<\/div>\n\t\t\t\t\t\t\t\t<div class=\"wp-show-posts-entry-summary\" itemprop=\"text\">\n\t\t\t\t\t\t\t<p>Greta empez\u00f3 su vida con nosotros siendo una acogida en 2014. En la protectora pasaba las horas en un rinc\u00f3n&#8230;<\/p>\n\t\t\t\t\t\t<\/div><!-- .entry-summary -->\n\t\t\t\t\t<div class=\"wpsp-read-more\"><a title=\"Greta\" class=\"sp-button\" href=\"https:\/\/www.protectoraelrefugio.es\/index.php\/2020\/12\/09\/greta\/\">Su historia...<\/a><\/div><\/div><!-- wp-show-posts-inner --><\/article><article class=\" wp-show-posts-single post-3860 post type-post status-publish format-standard has-post-thumbnail hentry category-adoptados wpsp-col-4\" itemtype=\"http:\/\/schema.org\/CreativeWork\" itemscope><div class=\"wp-show-posts-inner\" style=\"\">\t\t\t\t\t\t<header class=\"wp-show-posts-entry-header\">\n\t\t\t\t\t\t\t<h2 class=\"wp-show-posts-entry-title\" itemprop=\"headline\"><a href=\"https:\/\/www.protectoraelrefugio.es\/index.php\/2020\/12\/09\/zare\/\" rel=\"bookmark\">Zare<\/a><\/h2>\t\t\t\t\t\t<\/header><!-- .entry-header -->\n\t\t\t\t\t\t\t<div class=\"wp-show-posts-image  wpsp-image-center \">\n\t\t\t<a href=\"https:\/\/www.protectoraelrefugio.es\/index.php\/2020\/12\/09\/zare\/\"  title=\"Zare\"><img loading=\"lazy\" decoding=\"async\" width=\"700\" height=\"700\" src=\"https:\/\/www.protectoraelrefugio.es\/wp-content\/uploads\/2021\/11\/Zare.jpg\" class=\"attachment-full size-full wp-post-image\" alt=\"\" itemprop=\"image\" srcset=\"https:\/\/www.protectoraelrefugio.es\/wp-content\/uploads\/2021\/11\/Zare.jpg 700w, https:\/\/www.protectoraelrefugio.es\/wp-content\/uploads\/2021\/11\/Zare-300x300.jpg 300w, https:\/\/www.protectoraelrefugio.es\/wp-content\/uploads\/2021\/11\/Zare-150x150.jpg 150w\" sizes=\"auto, (max-width: 700px) 100vw, 700px\" \/><\/a>\t\t<\/div>\n\t\t\t\t\t\t\t\t<div class=\"wp-show-posts-entry-summary\" itemprop=\"text\">\n\t\t\t\t\t\t\t<p>Zare lleg\u00f3 al refugio muy enferma, como un descarte m\u00e1s de la caza, positiva en leishmaniosis\u00a0y con su cuerpo destrozado&#8230;<\/p>\n\t\t\t\t\t\t<\/div><!-- .entry-summary -->\n\t\t\t\t\t<div class=\"wpsp-read-more\"><a title=\"Zare\" class=\"sp-button\" href=\"https:\/\/www.protectoraelrefugio.es\/index.php\/2020\/12\/09\/zare\/\">Su historia...<\/a><\/div><\/div><!-- wp-show-posts-inner --><\/article><article class=\" wp-show-posts-single post-3820 post type-post status-publish format-standard has-post-thumbnail hentry category-adoptados wpsp-col-4\" itemtype=\"http:\/\/schema.org\/CreativeWork\" itemscope><div class=\"wp-show-posts-inner\" style=\"\">\t\t\t\t\t\t<header class=\"wp-show-posts-entry-header\">\n\t\t\t\t\t\t\t<h2 class=\"wp-show-posts-entry-title\" itemprop=\"headline\"><a href=\"https:\/\/www.protectoraelrefugio.es\/index.php\/2020\/12\/09\/post-example-1\/\" rel=\"bookmark\">Buddy<\/a><\/h2>\t\t\t\t\t\t<\/header><!-- .entry-header -->\n\t\t\t\t\t\t\t<div class=\"wp-show-posts-image  wpsp-image-center \">\n\t\t\t<a href=\"https:\/\/www.protectoraelrefugio.es\/index.php\/2020\/12\/09\/post-example-1\/\"  title=\"Buddy\"><img loading=\"lazy\" decoding=\"async\" width=\"700\" height=\"700\" src=\"https:\/\/www.protectoraelrefugio.es\/wp-content\/uploads\/2021\/11\/Buddy.jpg\" class=\"attachment-full size-full wp-post-image\" alt=\"\" itemprop=\"image\" srcset=\"https:\/\/www.protectoraelrefugio.es\/wp-content\/uploads\/2021\/11\/Buddy.jpg 700w, https:\/\/www.protectoraelrefugio.es\/wp-content\/uploads\/2021\/11\/Buddy-300x300.jpg 300w, https:\/\/www.protectoraelrefugio.es\/wp-content\/uploads\/2021\/11\/Buddy-150x150.jpg 150w\" sizes=\"auto, (max-width: 700px) 100vw, 700px\" \/><\/a>\t\t<\/div>\n\t\t\t\t\t\t\t\t<div class=\"wp-show-posts-entry-summary\" itemprop=\"text\">\n\t\t\t\t\t\t\t<p>Buddy lleg\u00f3 a nuestra familia hace ya casi siete a\u00f1os, lo adoptamos de El Refugio CI cuando solo ten\u00eda cuatro&#8230;<\/p>\n\t\t\t\t\t\t<\/div><!-- .entry-summary -->\n\t\t\t\t\t<div class=\"wpsp-read-more\"><a title=\"Buddy\" class=\"sp-button\" href=\"https:\/\/www.protectoraelrefugio.es\/index.php\/2020\/12\/09\/post-example-1\/\">Su historia...<\/a><\/div><\/div><!-- wp-show-posts-inner --><\/article><div class=\"wpsp-clear\"><\/div><\/section><!-- .wp-show-posts -->\n","protected":false},"excerpt":{"rendered":"<p>cosas de casa conoces sus historias<\/p>\n","protected":false},"author":1,"featured_media":0,"parent":0,"menu_order":0,"comment_status":"closed","ping_status":"closed","template":"","meta":{"footnotes":""},"class_list":["post-4787","page","type-page","status-publish","hentry","generate-columns","tablet-grid-50","mobile-grid-100","grid-parent","grid-50"],"_links":{"self":[{"href":"https:\/\/www.protectoraelrefugio.es\/index.php\/wp-json\/wp\/v2\/pages\/4787","targetHints":{"allow":["GET"]}}],"collection":[{"href":"https:\/\/www.protectoraelrefugio.es\/index.php\/wp-json\/wp\/v2\/pages"}],"about":[{"href":"https:\/\/www.protectoraelrefugio.es\/index.php\/wp-json\/wp\/v2\/types\/page"}],"author":[{"embeddable":true,"href":"https:\/\/www.protectoraelrefugio.es\/index.php\/wp-json\/wp\/v2\/users\/1"}],"replies":[{"embeddable":true,"href":"https:\/\/www.protectoraelrefugio.es\/index.php\/wp-json\/wp\/v2\/comments?post=4787"}],"version-history":[{"count":4,"href":"https:\/\/www.protectoraelrefugio.es\/index.php\/wp-json\/wp\/v2\/pages\/4787\/revisions"}],"predecessor-version":[{"id":4794,"href":"https:\/\/www.protectoraelrefugio.es\/index.php\/wp-json\/wp\/v2\/pages\/4787\/revisions\/4794"}],"wp:attachment":[{"href":"https:\/\/www.protectoraelrefugio.es\/index.php\/wp-json\/wp\/v2\/media?parent=4787"}],"curies":[{"name":"wp","href":"https:\/\/api.w.org\/{rel}","templated":true}]}}